{"id":638,"date":"2021-06-04T22:39:20","date_gmt":"2021-06-05T01:39:20","guid":{"rendered":"http:\/\/pastoralfamiliayvida.com.ar\/?page_id=638"},"modified":"2024-08-26T12:29:00","modified_gmt":"2024-08-26T15:29:00","slug":"repositorio","status":"publish","type":"page","link":"https:\/\/pastoralfamiliayvida.com.ar\/index.php\/repositorio\/","title":{"rendered":"Repositorio"},"content":{"rendered":"\n<div class=\"wp-block-cover alignfull is-light wp-elements-292ed52ba38bf07d47519e39e5028589\"><span aria-hidden=\"true\" class=\"wp-block-cover__background has-vivid-purple-background-color has-background-dim\"><\/span><img loading=\"lazy\" decoding=\"async\" width=\"1024\" height=\"768\" class=\"wp-block-cover__image-background wp-image-715\" alt=\"\" src=\"https:\/\/pastoralfamiliayvida.com.ar\/wp-content\/uploads\/2021\/06\/133854077_10220883013682971_6835252743414737854_n-1024x768.jpg\" data-object-fit=\"cover\" srcset=\"https:\/\/pastoralfamiliayvida.com.ar\/wp-content\/uploads\/2021\/06\/133854077_10220883013682971_6835252743414737854_n-1024x768.jpg 1024w, https:\/\/pastoralfamiliayvida.com.ar\/wp-content\/uploads\/2021\/06\/133854077_10220883013682971_6835252743414737854_n-300x225.jpg 300w, https:\/\/pastoralfamiliayvida.com.ar\/wp-content\/uploads\/2021\/06\/133854077_10220883013682971_6835252743414737854_n-768x576.jpg 768w, https:\/\/pastoralfamiliayvida.com.ar\/wp-content\/uploads\/2021\/06\/133854077_10220883013682971_6835252743414737854_n-1536x1152.jpg 1536w, https:\/\/pastoralfamiliayvida.com.ar\/wp-content\/uploads\/2021\/06\/133854077_10220883013682971_6835252743414737854_n.jpg 2000w\" sizes=\"auto, (max-width: 1024px) 100vw, 1024px\" \/><div class=\"wp-block-cover__inner-container is-layout-flow wp-block-cover-is-layout-flow\">\n<p class=\"has-text-align-center\" style=\"font-size:40px\"><strong>REPOSITORIO<\/strong><\/p>\n<\/div><\/div>\n\n\n\n<p class=\"has-text-align-center has-white-background-color has-background\"><strong>Aqu\u00ed podr\u00e1 encontrar material recomendado para su formaci\u00f3n.<\/strong><\/p>\n\n\n\n<ul class=\"wp-block-list\">\n<li><strong>Aprender a Amar <\/strong>(Material especialmente recomendado para padres) &#8211; Ingrese al siguiente link para descargar los documentos: <a href=\"https:\/\/drive.google.com\/drive\/folders\/1OKOZC9S6rzfBAqm0abxoi5fDBsYt7C5N?usp=sharing\" target=\"_blank\" rel=\"noreferrer noopener\">https:\/\/drive.google.com\/drive\/folders\/1OKOZC9S6rzfBAqm0abxoi5fDBsYt7C5N?usp=sharing<\/a><\/li>\n\n\n\n<li><strong>Educaci\u00f3n sexual y Familia<\/strong> &#8211; Ingrese al siguiente link para descargar los documentos: <a href=\"https:\/\/drive.google.com\/drive\/folders\/1_YAZYNJ5vIeUUS5SHAWJvKAyS_nj71nr?usp=sharing\">https:\/\/drive.google.com\/drive\/folders\/1_YAZYNJ5vIeUUS5SHAWJvKAyS_nj71nr?usp=sharing<\/a><\/li>\n\n\n\n<li><strong>Catequesis en Familia <\/strong>&#8211; Ingrese al siguiente link para descargar los documentos: <a href=\"https:\/\/drive.google.com\/drive\/folders\/1xTrRibCBUBJnZalOtCfKABaWilawZ_XU?usp=sharing\" target=\"_blank\" rel=\"noreferrer noopener\">https:\/\/drive.google.com\/drive\/folders\/1xTrRibCBUBJnZalOtCfKABaWilawZ_XU?usp=sharing<\/a><\/li>\n\n\n\n<li><strong>Material de la Universidad Cat\u00f3lica Argentina (UCA) <\/strong>&#8211; Ingrese al siguiente link para descargar los documentos: <a href=\"https:\/\/drive.google.com\/drive\/folders\/1DXQrcP-aeb9Ej2BBzsgOYEHWhUWM7dE4?usp=sharing\" target=\"_blank\" rel=\"noreferrer noopener\">https:\/\/drive.google.com\/drive\/folders\/1DXQrcP-aeb9Ej2BBzsgOYEHWhUWM7dE4?usp=sharing<\/a><\/li>\n<\/ul>\n\n\n\n<h2 class=\"wp-block-heading has-white-background-color has-background\">TALLERES FAMILIA 3.0 &#8211; 2DA EDICI\u00d3N &#8220;EDUCANDO A LOS HIJOS&#8221; &#8211; A\u00d1O 2024<\/h2>\n\n\n\n<ul class=\"wp-block-list\">\n<li>M\u00f3dulo Educaci\u00f3n de los hijos, l\u00edmites y maduraci\u00f3n &#8211; Lic Laura Schiavoni: <a href=\"https:\/\/docs.google.com\/presentation\/d\/1bGM3QA96_xGg_GkFsUw7c86xp6JsB0Bb\/edit?usp=sharing&amp;ouid=105404199544128830628&amp;rtpof=true&amp;sd=true\">https:\/\/docs.google.com\/presentation\/d\/1bGM3QA96_xGg_GkFsUw7c86xp6JsB0Bb\/edit?usp=sharing&amp;ouid=105404199544128830628&amp;rtpof=true&amp;sd=true<\/a><\/li>\n\n\n\n<li>M\u00f3dulo Manejo de redes sociales en familia &#8211; Nse. Lic. Fabiana Ruiz: <a href=\"https:\/\/www.canva.com\/design\/DAGK0GTIQuw\/NHEwlrtOofAFEgV6z7CwQA\/view?utm_content=DAGK0GTIQuw&amp;utm_campaign=designshare&amp;utm_medium=link&amp;utm_source=editor\">https:\/\/www.canva.com\/design\/DAGK0GTIQuw\/NHEwlrtOofAFEgV6z7CwQA\/view?utm_content=DAGK0GTIQuw&amp;utm_campaign=designshare&amp;utm_medium=link&amp;utm_source=editor<\/a><\/li>\n\n\n\n<li>M\u00f3dulo Educaci\u00f3n sexual para padres &#8211; Prof. Norma Carrasco: <a href=\"https:\/\/www.canva.com\/design\/DAGLRawswls\/VQm96PuT9Q43fK5n9UuPow\/edit?utm_content=DAGLRawswls&amp;utm_campaign=designshare&amp;utm_medium=link2&amp;utm_source=sharebutton\">https:\/\/www.canva.com\/design\/DAGLRawswls\/VQm96PuT9Q43fK5n9UuPow\/edit?utm_content=DAGLRawswls&amp;utm_campaign=designshare&amp;utm_medium=link2&amp;utm_source=sharebutton<\/a><\/li>\n<\/ul>\n\n\n\n<h2 class=\"wp-block-heading has-white-background-color has-background\"><strong>TALLERES FAMILIA 3.0 &#8211; 1ra EDICI\u00d3N  &#8220;Consolidando las bases de la familia del Siglo XXI&#8221;<\/strong> &#8211; A\u00d1O 2023<\/h2>\n\n\n\n<ul class=\"wp-block-list\">\n<li>M\u00f3dulo Antropolog\u00eda cristiana: <a href=\"https:\/\/docs.google.com\/presentation\/d\/18sGLgc_QTU_kEW9CQtRF3jyDN_FxoCGg\/edit?usp=sharing&amp;ouid=105404199544128830628&amp;rtpof=true&amp;sd=true\" target=\"_blank\" rel=\"noreferrer noopener\">https:\/\/docs.google.com\/presentation\/d\/18sGLgc_QTU_kEW9CQtRF3jyDN_FxoCGg\/edit?usp=sharing&amp;ouid=105404199544128830628&amp;rtpof=true&amp;sd=true<\/a><\/li>\n\n\n\n<li>M\u00f3dulo Amor, sexualidad e ideolog\u00eda de g\u00e9nero: <a href=\"https:\/\/www.canva.com\/design\/DAFnZVwP8j8\/U2_C8EZvPwo_lyneJGkX6A\/view?utm_content=DAFnZVwP8j8&amp;utm_campaign=designshare&amp;utm_medium=link&amp;utm_source=publishsharelink\" target=\"_blank\" rel=\"noreferrer noopener\">https:\/\/www.canva.com\/design\/DAFnZVwP8j8\/U2_C8EZvPwo_lyneJGkX6A\/view?utm_content=DAFnZVwP8j8&amp;utm_campaign=designshare&amp;utm_medium=link&amp;utm_source=publishsharelink<\/a><\/li>\n\n\n\n<li>M\u00f3dulo Matrimonio y Familia:\n<ul class=\"wp-block-list\">\n<li><a rel=\"noreferrer noopener\" href=\"https:\/\/drive.google.com\/drive\/folders\/1wBbwO_uanFsbK7jiXsoUZO-pfB52PIqk?usp=sharing\" target=\"_blank\">https:\/\/drive.google.com\/drive\/folders\/1wBbwO_uanFsbK7jiXsoUZO-pfB52PIqk?usp=sharing<\/a><\/li>\n\n\n\n<li><a href=\"https:\/\/www.canva.com\/design\/DAFohgr6pWw\/4LngszirPQPuOg8akKNgdg\/view?utm_content=DAFohgr6pWw&amp;utm_campaign=designshare&amp;utm_medium=link&amp;utm_source=publishsharelink\" target=\"_blank\" rel=\"noreferrer noopener\">https:\/\/www.canva.com\/design\/DAFohgr6pWw\/4LngszirPQPuOg8akKNgdg\/view?utm_content=DAFohgr6pWw&amp;utm_campaign=designshare&amp;utm_medium=link&amp;utm_source=publishsharelink<\/a><\/li>\n<\/ul>\n<\/li>\n<\/ul>\n\n\n\n<h2 class=\"wp-block-heading has-white-background-color has-background\"><strong>Diapositivas de las capacitaciones sobre ESI e IDEOLOG\u00cdA DE G\u00c9NERO:<\/strong><\/h2>\n\n\n\n<ul class=\"wp-block-list\">\n<li>Charla brindada por Laura Schiavoni: <a href=\"https:\/\/docs.google.com\/presentation\/d\/1DqneuIxbomzklQgUxMJf8zwQOYMwZFBd\/edit?usp=sharing&amp;ouid=105404199544128830628&amp;rtpof=true&amp;sd=true\" target=\"_blank\" rel=\"noreferrer noopener\">https:\/\/docs.google.com\/presentation\/d\/1DqneuIxbomzklQgUxMJf8zwQOYMwZFBd\/edit?usp=sharing&amp;ouid=105404199544128830628&amp;rtpof=true&amp;sd=true<\/a><\/li>\n\n\n\n<li>Charla para padres brindada por Fabiana Ruiz: <a rel=\"noreferrer noopener\" href=\"https:\/\/www.canva.com\/design\/DAEjxGDIanc\/19sjQp6OZISR7jLgODtGlg\/view#1\" data-type=\"URL\" data-id=\"https:\/\/www.canva.com\/design\/DAEjxGDIanc\/19sjQp6OZISR7jLgODtGlg\/view#1\" target=\"_blank\">https:\/\/www.canva.com\/design\/DAEjxGDIanc\/19sjQp6OZISR7jLgODtGlg\/view#1<\/a> <\/li>\n\n\n\n<li>Introducci\u00f3n a charla para catequistas brindada por Fabiana Ruiz: <a rel=\"noreferrer noopener\" href=\"https:\/\/www.canva.com\/design\/DAE5R9hmOiw\/kMxaK36LKvegKEYd-dLxoQ\/view?utm_content=DAE5R9hmOiw&amp;utm_campaign=designshare&amp;utm_medium=link&amp;utm_source=publishsharelink\" data-type=\"URL\" data-id=\"https:\/\/www.canva.com\/design\/DAE5R9hmOiw\/kMxaK36LKvegKEYd-dLxoQ\/view?utm_content=DAE5R9hmOiw&amp;utm_campaign=designshare&amp;utm_medium=link&amp;utm_source=publishsharelink\" target=\"_blank\">https:\/\/www.canva.com\/design\/DAE5R9hmOiw\/kMxaK36LKvegKEYd-dLxoQ\/view?utm_content=DAE5R9hmOiw&amp;utm_campaign=designshare&amp;utm_medium=link&amp;utm_source=publishsharelink<\/a><\/li>\n<\/ul>\n\n\n\n<h2 class=\"wp-block-heading has-white-background-color has-background\"><strong>Diapositivas de capacitaci\u00f3n en PREVENCI\u00d3N DE LA VIOLENCIA FAMILIAR:<\/strong><\/h2>\n\n\n\n<ul class=\"wp-block-list\">\n<li>Charla brindada por Fabiana Ruiz: <a href=\"https:\/\/www.canva.com\/design\/DAFTnuxCGms\/HY_MN51EexCz7NvOF_jeUg\/view?utm_content=DAFTnuxCGms&amp;utm_campaign=designshare&amp;utm_medium=link&amp;utm_source=viewer\" target=\"_blank\" rel=\"noreferrer noopener\">https:\/\/www.canva.com\/design\/DAFTnuxCGms\/HY_MN51EexCz7NvOF_jeUg\/view?utm_content=DAFTnuxCGms&amp;utm_campaign=designshare&amp;utm_medium=link&amp;utm_source=viewer<\/a><\/li>\n\n\n\n<li>Charla brindada por Laura Schiavoni: <a href=\"https:\/\/drive.google.com\/file\/d\/1l4toboapsZr7VaDC4vWp5VfapOOpT_BF\/view?usp=share_link\" data-type=\"URL\" data-id=\"https:\/\/drive.google.com\/file\/d\/1l4toboapsZr7VaDC4vWp5VfapOOpT_BF\/view?usp=share_link\" target=\"_blank\" rel=\"noreferrer noopener\">https:\/\/drive.google.com\/file\/d\/1l4toboapsZr7VaDC4vWp5VfapOOpT_BF\/view?usp=share_link<\/a><\/li>\n<\/ul>\n\n\n\n<h2 class=\"wp-block-heading has-text-align-left has-white-background-color has-background\"><strong>BONUS<\/strong>:<\/h2>\n\n\n\n<p class=\"has-white-background-color has-background\"><strong>Material para catequistas &#8211; Confirmaci\u00f3n:<\/strong> <a rel=\"noreferrer noopener\" href=\"https:\/\/sites.google.com\/view\/segundoconfirmacion\/\" target=\"_blank\">https:\/\/sites.google.com\/view\/segundoconfirmacion\/<\/a><\/p>\n","protected":false},"excerpt":{"rendered":"<p>Aqu\u00ed podr\u00e1 encontrar material recomendado para su formaci\u00f3n. TALLERES FAMILIA 3.0 &#8211; 2DA EDICI\u00d3N &#8220;EDUCANDO A LOS HIJOS&#8221; &#8211; A\u00d1O 2024 TALLERES FAMILIA 3.0 &#8211; 1ra EDICI\u00d3N &#8220;Consolidando las bases de la familia del Siglo XXI&#8221; &#8211; A\u00d1O 2023 Diapositivas de las capacitaciones sobre ESI e IDEOLOG\u00cdA DE G\u00c9NERO: Diapositivas de capacitaci\u00f3n en PREVENCI\u00d3N DE [&hellip;]<\/p>\n","protected":false},"author":1,"featured_media":0,"parent":0,"menu_order":0,"comment_status":"closed","ping_status":"closed","template":"","meta":{"site-sidebar-layout":"default","site-content-layout":"default","ast-site-content-layout":"default","site-content-style":"default","site-sidebar-style":"default","ast-global-header-display":"","ast-banner-title-visibility":"","ast-main-header-display":"","ast-hfb-above-header-display":"","ast-hfb-below-header-display":"","ast-hfb-mobile-header-display":"","site-post-title":"disabled","ast-breadcrumbs-content":"","ast-featured-img":"","footer-sml-layout":"","ast-disable-related-posts":"","theme-transparent-header-meta":"default","adv-header-id-meta":"","stick-header-meta":"","header-above-stick-meta":"","header-main-stick-meta":"","header-below-stick-meta":"","astra-migrate-meta-layouts":"default","ast-page-background-enabled":"default","ast-page-background-meta":{"desktop":{"background-color":"","background-image":"","background-repeat":"repeat","background-position":"center center","background-size":"auto","background-attachment":"scroll","background-type":"","background-media":"","overlay-type":"","overlay-color":"","overlay-opacity":"","overlay-gradient":""},"tablet":{"background-color":"","background-image":"","background-repeat":"repeat","background-position":"center center","background-size":"auto","background-attachment":"scroll","background-type":"","background-media":"","overlay-type":"","overlay-color":"","overlay-opacity":"","overlay-gradient":""},"mobile":{"background-color":"","background-image":"","background-repeat":"repeat","background-position":"center center","background-size":"auto","background-attachment":"scroll","background-type":"","background-media":"","overlay-type":"","overlay-color":"","overlay-opacity":"","overlay-gradient":""}},"ast-content-background-meta":{"desktop":{"background-color":"var(--ast-global-color-5)","background-image":"","background-repeat":"repeat","background-position":"center center","background-size":"auto","background-attachment":"scroll","background-type":"","background-media":"","overlay-type":"","overlay-color":"","overlay-opacity":"","overlay-gradient":""},"tablet":{"background-color":"var(--ast-global-color-5)","background-image":"","background-repeat":"repeat","background-position":"center center","background-size":"auto","background-attachment":"scroll","background-type":"","background-media":"","overlay-type":"","overlay-color":"","overlay-opacity":"","overlay-gradient":""},"mobile":{"background-color":"var(--ast-global-color-5)","background-image":"","background-repeat":"repeat","background-position":"center center","background-size":"auto","background-attachment":"scroll","background-type":"","background-media":"","overlay-type":"","overlay-color":"","overlay-opacity":"","overlay-gradient":""}},"footnotes":""},"class_list":["post-638","page","type-page","status-publish","hentry"],"_links":{"self":[{"href":"https:\/\/pastoralfamiliayvida.com.ar\/index.php\/wp-json\/wp\/v2\/pages\/638","targetHints":{"allow":["GET"]}}],"collection":[{"href":"https:\/\/pastoralfamiliayvida.com.ar\/index.php\/wp-json\/wp\/v2\/pages"}],"about":[{"href":"https:\/\/pastoralfamiliayvida.com.ar\/index.php\/wp-json\/wp\/v2\/types\/page"}],"author":[{"embeddable":true,"href":"https:\/\/pastoralfamiliayvida.com.ar\/index.php\/wp-json\/wp\/v2\/users\/1"}],"replies":[{"embeddable":true,"href":"https:\/\/pastoralfamiliayvida.com.ar\/index.php\/wp-json\/wp\/v2\/comments?post=638"}],"version-history":[{"count":24,"href":"https:\/\/pastoralfamiliayvida.com.ar\/index.php\/wp-json\/wp\/v2\/pages\/638\/revisions"}],"predecessor-version":[{"id":1096,"href":"https:\/\/pastoralfamiliayvida.com.ar\/index.php\/wp-json\/wp\/v2\/pages\/638\/revisions\/1096"}],"wp:attachment":[{"href":"https:\/\/pastoralfamiliayvida.com.ar\/index.php\/wp-json\/wp\/v2\/media?parent=638"}],"curies":[{"name":"wp","href":"https:\/\/api.w.org\/{rel}","templated":true}]}}