{"id":625,"date":"2020-09-15T06:48:29","date_gmt":"2020-09-15T09:48:29","guid":{"rendered":"http:\/\/pastoralfamiliayvida.com.ar\/index.php\/about\/"},"modified":"2021-10-07T21:55:29","modified_gmt":"2021-10-08T00:55:29","slug":"quienes-somos","status":"publish","type":"page","link":"https:\/\/pastoralfamiliayvida.com.ar\/index.php\/quienes-somos\/","title":{"rendered":"Qui\u00e9nes somos"},"content":{"rendered":"\n<div class=\"wp-block-cover alignfull has-background-dim\" style=\"background-color:#040219;min-height:550px;aspect-ratio:unset;\"><img loading=\"lazy\" decoding=\"async\" width=\"2000\" height=\"1500\" class=\"wp-block-cover__image-background wp-image-681\" alt=\"\" src=\"https:\/\/pastoralfamiliayvida.com.ar\/wp-content\/uploads\/2021\/06\/134322897_10220883302010179_5079591411376002366_n.jpg\" data-object-fit=\"cover\" srcset=\"https:\/\/pastoralfamiliayvida.com.ar\/wp-content\/uploads\/2021\/06\/134322897_10220883302010179_5079591411376002366_n.jpg 2000w, https:\/\/pastoralfamiliayvida.com.ar\/wp-content\/uploads\/2021\/06\/134322897_10220883302010179_5079591411376002366_n-300x225.jpg 300w, https:\/\/pastoralfamiliayvida.com.ar\/wp-content\/uploads\/2021\/06\/134322897_10220883302010179_5079591411376002366_n-1024x768.jpg 1024w, https:\/\/pastoralfamiliayvida.com.ar\/wp-content\/uploads\/2021\/06\/134322897_10220883302010179_5079591411376002366_n-768x576.jpg 768w, https:\/\/pastoralfamiliayvida.com.ar\/wp-content\/uploads\/2021\/06\/134322897_10220883302010179_5079591411376002366_n-1536x1152.jpg 1536w\" sizes=\"auto, (max-width: 2000px) 100vw, 2000px\" \/><div class=\"wp-block-cover__inner-container is-layout-flow wp-block-cover-is-layout-flow\">\n<h1 class=\"has-text-align-center has-white-color has-text-color wp-block-heading\">QUI\u00c9NES SOMOS<\/h1>\n<\/div><\/div>\n\n\n\n<p><\/p>\n\n\n\n<p>Somos un equipo propuesto por el Obispado de Jujuy para trabajar en defensa de la vida y de la familia. <\/p>\n\n\n\n<p>Actualmente la Pastoral es coordinada por el Pbro. Germ\u00e1n Maccagno y est\u00e1 conformada por diferentes organizaciones comprometidas con el Evangelio y los valores cristiano. <\/p>\n\n\n\n<p>Es nuestro deseo que las familias y las instituciones intermedias puedan hallar aqu\u00ed un lugar de encuentro e informaci\u00f3n, enter\u00e1ndose de toda actividad que estemos organizando, as\u00ed como disponer gratuitamente de documentos y recursos de utilidad para su formaci\u00f3n integral.<\/p>\n\n\n\n<figure class=\"wp-block-image size-large\"><img loading=\"lazy\" decoding=\"async\" width=\"1024\" height=\"768\" src=\"https:\/\/pastoralfamiliayvida.com.ar\/wp-content\/uploads\/2021\/06\/128664890_10220679675839652_7966764241192270959_n-1024x768.jpg\" alt=\"\" class=\"wp-image-683\" srcset=\"https:\/\/pastoralfamiliayvida.com.ar\/wp-content\/uploads\/2021\/06\/128664890_10220679675839652_7966764241192270959_n-1024x768.jpg 1024w, https:\/\/pastoralfamiliayvida.com.ar\/wp-content\/uploads\/2021\/06\/128664890_10220679675839652_7966764241192270959_n-300x225.jpg 300w, https:\/\/pastoralfamiliayvida.com.ar\/wp-content\/uploads\/2021\/06\/128664890_10220679675839652_7966764241192270959_n-768x576.jpg 768w, https:\/\/pastoralfamiliayvida.com.ar\/wp-content\/uploads\/2021\/06\/128664890_10220679675839652_7966764241192270959_n-1536x1152.jpg 1536w, https:\/\/pastoralfamiliayvida.com.ar\/wp-content\/uploads\/2021\/06\/128664890_10220679675839652_7966764241192270959_n.jpg 2000w\" sizes=\"auto, (max-width: 1024px) 100vw, 1024px\" \/><\/figure>\n\n\n\n<h2 class=\"wp-block-heading\"><strong>NUESTRA MISI\u00d3N<\/strong><\/h2>\n\n\n\n<p>Reafirmar la importancia de la promoci\u00f3n, defensa y respeto a los derechos humanos desde la concepci\u00f3n y hasta la muerte natural, ya que la fuente \u00faltima de \u00e9stos no se encuentra en la mera voluntad de las personas, en la realidad del Estado o en los poderes p\u00fablicos, sino en la dignidad que pertenece a todo ser humano.&nbsp;<\/p>\n\n\n\n<p>Estamos comprometidos con las necesidades reales de la gente haciendo frente a las imposiciones ideol\u00f3gicas que nada tienen que ver con la realidad de nuestro pueblo, generando conciencia de la necesidad de un futuro mejor para nuestra provincia y pa\u00eds, con pleno respeto de los derechos de cada persona.<\/p>\n\n\n\n<p>Como cristianos estamos llamados a colaborar en la construcci\u00f3n de una civilizaci\u00f3n de vida y amor, basada en la familia como n\u00facleo formador de los valores que sustentan la sociedad en la que vivimos.<\/p>\n\n\n\n<h2 class=\"wp-block-heading\"><strong>NUESTROS VALORES<\/strong><\/h2>\n\n\n\n<p class=\"has-text-align-left\">En el contexto social actual, marcado por una lucha dram\u00e1tica entre la \u00abcultura de la vida\u00bb y la \u00abcultura de la muerte\u00bb, debe madurar un fuerte sentido cr\u00edtico, capaz de discernir los verdaderos valores y las aut\u00e9nticas exigencias.<br>Es urgente una movilizaci\u00f3n general de las conciencias y un com\u00fan esfuerzo \u00e9tico, para poner en pr\u00e1ctica una gran estrategia en favor de la vida. Todos juntos debemos construir una nueva cultura de la vida: nueva, para que sea capaz de afrontar y resolver los problemas propios de hoy sobre la vida del hombre; nueva, para que sea asumida con una convicci\u00f3n m\u00e1s firme y activa por todos los cristianos; nueva, para que pueda suscitar un encuentro cultural serio y valiente con todos. <\/p>\n\n\n\n<p class=\"has-text-align-left\">La urgencia de este cambio cultural est\u00e1 relacionada con la situaci\u00f3n hist\u00f3rica que estamos atravesando, pero tiene su ra\u00edz en la misma misi\u00f3n evangelizadora, propia de la Iglesia. <\/p>\n\n\n\n<p class=\"has-text-align-left\">En efecto, el Evangelio pretende \u00abtransformar desde dentro, renovar la misma humanidad\u00bb; es como la levadura que fermenta toda la masa (cf. Mt 13, 33) y, como tal, est\u00e1 destinado a impregnar todas las culturas y a animarlas desde dentro, para que expresen la verdad plena sobre el hombre y sobre su vida (Evangelium Vitae N\u00b095).<\/p>\n","protected":false},"excerpt":{"rendered":"<p>Somos un equipo propuesto por el Obispado de Jujuy para trabajar en defensa de la vida y de la familia. Actualmente la Pastoral es coordinada por el Pbro. Germ\u00e1n Maccagno y est\u00e1 conformada por diferentes organizaciones comprometidas con el Evangelio y los valores cristiano. Es nuestro deseo que las familias y las instituciones intermedias puedan [&hellip;]<\/p>\n","protected":false},"author":1,"featured_media":0,"parent":0,"menu_order":0,"comment_status":"closed","ping_status":"closed","template":"","meta":{"site-sidebar-layout":"no-sidebar","site-content-layout":"plain-container","ast-site-content-layout":"default","site-content-style":"default","site-sidebar-style":"default","ast-global-header-display":"","ast-banner-title-visibility":"","ast-main-header-display":"","ast-hfb-above-header-display":"","ast-hfb-below-header-display":"","ast-hfb-mobile-header-display":"","site-post-title":"disabled","ast-breadcrumbs-content":"","ast-featured-img":"","footer-sml-layout":"","ast-disable-related-posts":"","theme-transparent-header-meta":"enabled","adv-header-id-meta":"","stick-header-meta":"","header-above-stick-meta":"","header-main-stick-meta":"","header-below-stick-meta":"","astra-migrate-meta-layouts":"default","ast-page-background-enabled":"default","ast-page-background-meta":{"desktop":{"background-color":"","background-image":"","background-repeat":"repeat","background-position":"center center","background-size":"auto","background-attachment":"scroll","background-type":"","background-media":"","overlay-type":"","overlay-color":"","overlay-opacity":"","overlay-gradient":""},"tablet":{"background-color":"","background-image":"","background-repeat":"repeat","background-position":"center center","background-size":"auto","background-attachment":"scroll","background-type":"","background-media":"","overlay-type":"","overlay-color":"","overlay-opacity":"","overlay-gradient":""},"mobile":{"background-color":"","background-image":"","background-repeat":"repeat","background-position":"center center","background-size":"auto","background-attachment":"scroll","background-type":"","background-media":"","overlay-type":"","overlay-color":"","overlay-opacity":"","overlay-gradient":""}},"ast-content-background-meta":{"desktop":{"background-color":"var(--ast-global-color-5)","background-image":"","background-repeat":"repeat","background-position":"center center","background-size":"auto","background-attachment":"scroll","background-type":"","background-media":"","overlay-type":"","overlay-color":"","overlay-opacity":"","overlay-gradient":""},"tablet":{"background-color":"var(--ast-global-color-5)","background-image":"","background-repeat":"repeat","background-position":"center center","background-size":"auto","background-attachment":"scroll","background-type":"","background-media":"","overlay-type":"","overlay-color":"","overlay-opacity":"","overlay-gradient":""},"mobile":{"background-color":"var(--ast-global-color-5)","background-image":"","background-repeat":"repeat","background-position":"center center","background-size":"auto","background-attachment":"scroll","background-type":"","background-media":"","overlay-type":"","overlay-color":"","overlay-opacity":"","overlay-gradient":""}},"footnotes":""},"class_list":["post-625","page","type-page","status-publish","hentry"],"_links":{"self":[{"href":"https:\/\/pastoralfamiliayvida.com.ar\/index.php\/wp-json\/wp\/v2\/pages\/625","targetHints":{"allow":["GET"]}}],"collection":[{"href":"https:\/\/pastoralfamiliayvida.com.ar\/index.php\/wp-json\/wp\/v2\/pages"}],"about":[{"href":"https:\/\/pastoralfamiliayvida.com.ar\/index.php\/wp-json\/wp\/v2\/types\/page"}],"author":[{"embeddable":true,"href":"https:\/\/pastoralfamiliayvida.com.ar\/index.php\/wp-json\/wp\/v2\/users\/1"}],"replies":[{"embeddable":true,"href":"https:\/\/pastoralfamiliayvida.com.ar\/index.php\/wp-json\/wp\/v2\/comments?post=625"}],"version-history":[{"count":12,"href":"https:\/\/pastoralfamiliayvida.com.ar\/index.php\/wp-json\/wp\/v2\/pages\/625\/revisions"}],"predecessor-version":[{"id":906,"href":"https:\/\/pastoralfamiliayvida.com.ar\/index.php\/wp-json\/wp\/v2\/pages\/625\/revisions\/906"}],"wp:attachment":[{"href":"https:\/\/pastoralfamiliayvida.com.ar\/index.php\/wp-json\/wp\/v2\/media?parent=625"}],"curies":[{"name":"wp","href":"https:\/\/api.w.org\/{rel}","templated":true}]}}